{"id":19045,"date":"2023-05-16T15:15:24","date_gmt":"2023-05-16T15:15:24","guid":{"rendered":"https:\/\/iav-online.de\/?page_id=19045"},"modified":"2026-04-28T08:37:49","modified_gmt":"2026-04-28T08:37:49","slug":"team","status":"publish","type":"page","link":"https:\/\/iav-online.de\/en\/team\/","title":{"rendered":"Team"},"content":{"rendered":"<div class=\"wpb-content-wrapper\"><p>[vc_row][vc_column][vc_empty_space height=&#8221;100px&#8221;][vc_column_text]<\/p>\n<h3>Management<\/h3>\n<p>[\/vc_column_text][\/vc_column][\/vc_row][vc_row css=&#8221;.vc_custom_1685977552913{padding-top: 35px !important;padding-right: 35px !important;padding-bottom: 35px !important;padding-left: 35px !important;}&#8221;][vc_column width=&#8221;2\/5&#8243;][vc_hoverbox image=&#8221;22536&#8243; primary_title=&#8221;&#8221; primary_align=&#8221;left&#8221; hover_title=&#8221;&#8221; hover_align=&#8221;left&#8221; shape=&#8221;square&#8221; align=&#8221;left&#8221;]<\/p>\n<p style=\"text-align: left;\">Jasmin Markhof leitet den Verband und steuert den Kurs der Verb\u00e4ndegemeinschaft. F\u00fcr die erfahrene Arbeitsrechtlerin z\u00e4hlt die Weiterentwicklung der verbandlichen Leistung \u2013 Beratungsqualit\u00e4t, Serviceorientierung und die digitale Transformation stehen dabei im Fokus. Sozialpolitisch engagiert sich die Hauptgesch\u00e4ftsf\u00fchrerin im Verwaltungsausschuss der Agentur f\u00fcr Arbeit und im Beirat des Jobcenters Osnabr\u00fcck sowie als ehrenamtliche Richterin beim Bundesarbeitsgericht.<\/p>\n<p>[\/vc_hoverbox][\/vc_column][vc_column width=&#8221;3\/5&#8243; css=&#8221;.vc_custom_1685977561073{background-color: #ebebeb !important;}&#8221;][vc_column_text css=&#8221;.vc_custom_1691394641787{padding-top: 35px !important;padding-right: 35px !important;padding-bottom: 35px !important;padding-left: 35px !important;}&#8221;]<\/p>\n<h4>Jasmin Markhof<\/h4>\n<p>Hauptgesch\u00e4ftsf\u00fchrerin<br \/>\nPhone: 0541 77068-25<br \/>\nE-mail: <a href=\"mailto:markhof@iav-online.de\">markhof@iav-online.de<\/a>[\/vc_column_text][vc_empty_space height=&#8221;104px&#8221;][\/vc_column][\/vc_row][vc_row css=&#8221;.vc_custom_1685977552913{padding-top: 35px !important;padding-right: 35px !important;padding-bottom: 35px !important;padding-left: 35px !important;}&#8221;][vc_column width=&#8221;2\/5&#8243;][vc_hoverbox image=&#8221;24386&#8243; primary_title=&#8221;&#8221; primary_align=&#8221;left&#8221; hover_title=&#8221;&#8221; hover_align=&#8221;left&#8221; shape=&#8221;square&#8221; align=&#8221;left&#8221;]<\/p>\n<p style=\"text-align: left;\">Sabine St\u00f6hr leitet die \u00d6ffentlichkeits- und Bildungsarbeit der Verb\u00e4nde. Vielf\u00e4ltige Vernetzung und eine aktive Mitwirkung in zahlreichen Gremien sind wesentliche Bausteine ihrer Arbeit als stellvertretende Hauptgesch\u00e4ftsf\u00fchrerin. An den Schnittstellen von Arbeitgebern mit ihrem gesellschaftlichen Umfeld ist die Volkswirtin als Kommunikatorin aktiv und macht deutlich, was die Unternehmen bewegt.<\/p>\n<p>[\/vc_hoverbox][\/vc_column][vc_column width=&#8221;3\/5&#8243; css=&#8221;.vc_custom_1689605464143{margin-top: 90px !important;background-color: #ebebeb !important;}&#8221; responsive_css=&#8221;margin_top_large:0px|margin_top_medium:0px|margin_top_small:0px&#8221;][vc_column_text css=&#8221;.vc_custom_1709821866613{padding-top: 35px !important;padding-right: 35px !important;padding-bottom: 35px !important;padding-left: 35px !important;}&#8221;]<\/p>\n<h4>Sabine St\u00f6hr<\/h4>\n<p>Gesch\u00e4ftsf\u00fchrerin \/ Stv. Hauptgesch\u00e4ftsf\u00fchrerin<br \/>\nLeitung Kommunikation und Bildung<br \/>\nPhone: 0541 77068-23<br \/>\nE-mail: <a href=\"mailto:stoehr@iav-online.de\">stoehr@iav-online.de<\/a>[\/vc_column_text][vc_empty_space height=&#8221;78px&#8221;][\/vc_column][\/vc_row][vc_row css=&#8221;.vc_custom_1685977552913{padding-top: 35px !important;padding-right: 35px !important;padding-bottom: 35px !important;padding-left: 35px !important;}&#8221;][vc_column width=&#8221;2\/5&#8243;][vc_hoverbox image=&#8221;22528&#8243; primary_title=&#8221;&#8221; primary_align=&#8221;left&#8221; hover_title=&#8221;&#8221; hover_align=&#8221;left&#8221; shape=&#8221;square&#8221; align=&#8221;left&#8221;]<\/p>\n<p style=\"text-align: left;\">Kirsten Thelen leitet das Team von Verbandsjuristen in der Abteilung Arbeits- und Tarifrecht. Mit ihm gestaltet sie das rechtliche Info- und Veranstaltungsportfolio. Jenseits der Beratung betreut die Juristin auch Einigungsstellen, verhandelt Betriebsvereinbarungen und begleitet Haustarifverhandlungen.<\/p>\n<p>[\/vc_hoverbox][\/vc_column][vc_column width=&#8221;3\/5&#8243; css=&#8221;.vc_custom_1689605310337{margin-top: 130px !important;background-color: #ebebeb !important;}&#8221; responsive_css=&#8221;margin_top_large:0px|margin_top_medium:0px|margin_top_small:0px&#8221;][vc_column_text css=&#8221;.vc_custom_1706866514671{padding-top: 35px !important;padding-right: 35px !important;padding-bottom: 35px !important;padding-left: 35px !important;}&#8221;]<\/p>\n<h4>Kirsten Thelen<\/h4>\n<p>Gesch\u00e4ftsf\u00fchrerin<br \/>\nLeitung Arbeits- und Tarifrecht<br \/>\nPhone: 0541 77068-17<br \/>\nE-mail: <a href=\"mailto:thelen@iav-online.de\">thelen@iav-online.de<\/a>[\/vc_column_text][vc_empty_space height=&#8221;78px&#8221;][\/vc_column][\/vc_row][vc_row css=&#8221;.vc_custom_1685977552913{padding-top: 35px !important;padding-right: 35px !important;padding-bottom: 35px !important;padding-left: 35px !important;}&#8221;][vc_column width=&#8221;2\/5&#8243;][vc_hoverbox image=&#8221;8071&#8243; primary_title=&#8221;&#8221; primary_align=&#8221;left&#8221; hover_title=&#8221;&#8221; hover_align=&#8221;left&#8221; shape=&#8221;square&#8221; align=&#8221;left&#8221;]<\/p>\n<p style=\"text-align: left;\">Bei Violeta L\u00fcttig laufen viele organisatorische F\u00e4den zusammen: Das Gremienmanagement, die B\u00fcroorganisation und die Mitgliederverwaltung z\u00e4hlen zu ihren Aufgaben. Dar\u00fcber hinaus ist sie Teil des Buchhaltungs-Teams.<\/p>\n<p>[\/vc_hoverbox][\/vc_column][vc_column width=&#8221;3\/5&#8243; css=&#8221;.vc_custom_1689585099347{margin-top: 170px !important;background-color: #ebebeb !important;}&#8221; responsive_css=&#8221;margin_top_large:0px|margin_top_medium:0px|margin_top_small:0px&#8221;][vc_column_text css=&#8221;.vc_custom_1738226467678{padding-top: 35px !important;padding-right: 35px !important;padding-bottom: 35px !important;padding-left: 35px !important;}&#8221;]<\/p>\n<h4>Violeta L\u00fcttig<strong><br \/>\n<\/strong><\/h4>\n<p>Assistentin der Hauptgesch\u00e4ftsf\u00fchrerin<br \/>\nPhone: 0541 77068-33<br \/>\nE-mail: <a href=\"mailto:luettig@iav-online.de\">luettig@iav-online.de<\/a>[\/vc_column_text][vc_empty_space height=&#8221;104px&#8221;][\/vc_column][\/vc_row][vc_row][vc_column][vc_empty_space height=&#8221;50px&#8221;][vc_column_text]<\/p>\n<h3>Legal Advice, Public Relations<\/h3>\n<p>[\/vc_column_text][\/vc_column][\/vc_row][vc_row css=&#8221;.vc_custom_1685977552913{padding-top: 35px !important;padding-right: 35px !important;padding-bottom: 35px !important;padding-left: 35px !important;}&#8221;][vc_column width=&#8221;2\/5&#8243;][vc_hoverbox image=&#8221;8053&#8243; primary_title=&#8221;&#8221; primary_align=&#8221;left&#8221; hover_title=&#8221;&#8221; hover_align=&#8221;left&#8221; shape=&#8221;square&#8221; align=&#8221;left&#8221;]<\/p>\n<p style=\"text-align: left;\">Als Verbandsjurist informiert Ricardo Arentz in Vortr\u00e4gen \u00fcber aktuelle Entwicklungen in Rechtsprechung und Gesetzgebung. In der t\u00e4glichen Beratung zu allen Arbeitsrechtsbereichen ist er unter anderem in den Themen Arbeitsvertragsrecht und Entsendung ein guter Ansprechpartner.<\/p>\n<p>[\/vc_hoverbox][\/vc_column][vc_column width=&#8221;3\/5&#8243; css=&#8221;.vc_custom_1689605408356{margin-top: 160px !important;background-color: #ebebeb !important;}&#8221; responsive_css=&#8221;margin_top_large:0px|margin_top_medium:0px|margin_top_small:0px&#8221;][vc_column_text css=&#8221;.vc_custom_1737121376611{padding-top: 35px !important;padding-right: 35px !important;padding-bottom: 35px !important;padding-left: 35px !important;}&#8221;]<\/p>\n<h4>Ricardo Arentz<strong><br \/>\n<\/strong><\/h4>\n<p>Verbandsjurist<br \/>\nPhone: 0541 77068-40<br \/>\nE-mail: <a href=\"mailto:arentz@iav-online.de\">arentz@iav-online.de<\/a><\/p>\n<p>Team Arbeitsvertragsrecht, Team Aus- und Weiterbildung, Team Betriebliche Altersvorsorge, Team Entsendung, Team Fachkr\u00e4fteeinwanderung[\/vc_column_text][vc_empty_space][\/vc_column][\/vc_row][vc_row css=&#8221;.vc_custom_1685977552913{padding-top: 35px !important;padding-right: 35px !important;padding-bottom: 35px !important;padding-left: 35px !important;}&#8221;][vc_column width=&#8221;2\/5&#8243;][vc_hoverbox image=&#8221;8039&#8243; primary_title=&#8221;&#8221; primary_align=&#8221;left&#8221; hover_title=&#8221;&#8221; hover_align=&#8221;left&#8221; shape=&#8221;square&#8221; align=&#8221;left&#8221;]<\/p>\n<p style=\"text-align: left;\">Jana Billigmann kann beides: Sie organisiert Aktivit\u00e4ten in der \u00d6ffentlichkeitsarbeit und als Verbandsjuristin ber\u00e4t sie in arbeitsrechtlichen Fragen, insbesondere rund um Ausbildung. Ihre kreativen Texte landen unter anderem im Jahresbericht, den sie verantwortet. Im Themenfeld Gesundheitsmanagement macht sie Best-practice in Veranstaltungen erlebbar.<\/p>\n<p>[\/vc_hoverbox][\/vc_column][vc_column width=&#8221;3\/5&#8243; css=&#8221;.vc_custom_1689588844414{margin-top: 85px !important;background-color: #ebebeb !important;}&#8221; responsive_css=&#8221;margin_top_large:0px|margin_top_medium:0px|margin_top_small:0px&#8221;][vc_column_text css=&#8221;.vc_custom_1709821882089{padding-top: 35px !important;padding-right: 35px !important;padding-bottom: 35px !important;padding-left: 35px !important;}&#8221;]<\/p>\n<h4>Jana Billigmann<\/h4>\n<p>Kommunikation und Bildung \/ Verbandsjuristin<br \/>\nPhone: 0541 77068-16<br \/>\nE-mail: <a href=\"mailto:billigmann@iav-online.de\">billigmann@iav-online.de<\/a><\/p>\n<p>Team Aus- und Weiterbildungsrecht[\/vc_column_text][vc_empty_space height=&#8221;55px&#8221;][\/vc_column][\/vc_row][vc_row css=&#8221;.vc_custom_1685977552913{padding-top: 35px !important;padding-right: 35px !important;padding-bottom: 35px !important;padding-left: 35px !important;}&#8221;][vc_column width=&#8221;2\/5&#8243;][vc_hoverbox image=&#8221;8029&#8243; primary_title=&#8221;&#8221; primary_align=&#8221;left&#8221; hover_title=&#8221;&#8221; hover_align=&#8221;left&#8221; shape=&#8221;square&#8221; align=&#8221;left&#8221;]<\/p>\n<p style=\"text-align: left;\">Die Mitgliederinteressen hat Christine B\u00f6schenbr\u00f6ker im Blick, wenn es um die Auswahl der Rundschreiben-Themen und die Betreuung ihres Personalleiterkreises geht. Dies gilt auch f\u00fcr die allgemeine Rechtsberatung, insbesondere zu Altersteilzeit oder Lohn- und Gehaltspf\u00e4ndung. Von ihrer Erfahrung profitieren die Unternehmen bei Einigungsstellen und Haustarifverhandlungen.<\/p>\n<p>[\/vc_hoverbox][\/vc_column][vc_column width=&#8221;3\/5&#8243; css=&#8221;.vc_custom_1689605278392{margin-top: 80px !important;background-color: #ebebeb !important;}&#8221; responsive_css=&#8221;margin_top_large:0px|margin_top_medium:0px|margin_top_small:0px&#8221;][vc_column_text css=&#8221;.vc_custom_1691394703072{padding-top: 35px !important;padding-right: 35px !important;padding-bottom: 35px !important;padding-left: 35px !important;}&#8221;]<\/p>\n<h4>Christine B\u00f6schenbr\u00f6ker<\/h4>\n<p>Verbandsjuristin<br \/>\nPhone: 0541 77068-37<br \/>\nE-mail: <a href=\"mailto:boeschenbroeker@iav-online.de\">boeschenbroeker@iav-online.de<br \/>\n<\/a><br \/>\nTeam Altersteilzeit, Team Lohn- und Gehaltspf\u00e4ndung[\/vc_column_text][vc_empty_space height=&#8221;51px&#8221;][\/vc_column][\/vc_row][vc_row css=&#8221;.vc_custom_1685977552913{padding-top: 35px !important;padding-right: 35px !important;padding-bottom: 35px !important;padding-left: 35px !important;}&#8221;][vc_column width=&#8221;2\/5&#8243;][vc_hoverbox image=&#8221;20600&#8243; primary_title=&#8221;&#8221; primary_align=&#8221;left&#8221; hover_title=&#8221;&#8221; hover_align=&#8221;left&#8221; shape=&#8221;square&#8221; align=&#8221;left&#8221;]<\/p>\n<p style=\"text-align: left;\">Thea Coenen ber\u00e4t zu allgemeinen Fragen im Arbeitsrecht. Besonders, wenn es um Themen wie Arbeitsvertragsrecht oder Fachkr\u00e4fteeinwanderung geht, ist sie eine gute Ansprechpartnerin. In Vortr\u00e4gen vermittelt die Verbandsjuristin wichtige arbeits- und sozialrechtliche Basics f\u00fcr die Praxis.<\/p>\n<p>[\/vc_hoverbox][\/vc_column][vc_column width=&#8221;3\/5&#8243; css=&#8221;.vc_custom_1689585619267{margin-top: 170px !important;background-color: #ebebeb !important;}&#8221; responsive_css=&#8221;margin_top_large:0px|margin_top_medium:0px|margin_top_small:0px&#8221;][vc_column_text css=&#8221;.vc_custom_1737121522014{padding-top: 35px !important;padding-right: 35px !important;padding-bottom: 35px !important;padding-left: 35px !important;}&#8221;]<\/p>\n<h4>Thea Coenen<\/h4>\n<p>Verbandsjuristin<br \/>\nPhone: 0541 77068-32<br \/>\nE-mail: <a href=\"mailto:coenen@iav-online.de\">coenen@iav-online.de<\/a><\/p>\n<p>Team Arbeitnehmer-Datenschutz, Team Arbeitsvertragsrecht, Team Entsendung, Team Fachkr\u00e4fteeinwanderung[\/vc_column_text][vc_empty_space][\/vc_column][\/vc_row][vc_row css=&#8221;.vc_custom_1712041147979{padding-top: 35px !important;padding-right: 35px !important;padding-bottom: 35px !important;padding-left: 35px !important;}&#8221;][vc_column width=&#8221;2\/5&#8243;][vc_hoverbox image=&#8221;20970&#8243; primary_title=&#8221;&#8221; primary_align=&#8221;left&#8221; hover_title=&#8221;&#8221; hover_align=&#8221;left&#8221; shape=&#8221;square&#8221; align=&#8221;left&#8221;]<\/p>\n<p style=\"text-align: left;\">Denise Dublaski sorgt im juristischen Sekretariat sowie im Bereich Kommunikation und Bildung f\u00fcr reibungslose Abl\u00e4ufe. Sie unterst\u00fctzt nicht nur bei der Vorbereitung von arbeitsrechtlichen Vortr\u00e4gen oder der Organisation von Erfahrungsaustauschkreisen, sondern hat z.B. auch das Anmeldemanagement unserer Arbeitskreise Schule-Wirtschaft fest im Griff.<\/p>\n<p>[\/vc_hoverbox][\/vc_column][vc_column width=&#8221;3\/5&#8243; css=&#8221;.vc_custom_1689585619267{margin-top: 170px !important;background-color: #ebebeb !important;}&#8221; responsive_css=&#8221;margin_top_large:0px|margin_top_medium:0px|margin_top_small:0px&#8221;][vc_column_text css=&#8221;.vc_custom_1738226562186{padding-top: 35px !important;padding-right: 35px !important;padding-bottom: 35px !important;padding-left: 35px !important;}&#8221;]<\/p>\n<h4>Denise Dublaski<\/h4>\n<p>Teamassistenz<br \/>\nPhone: 0541 77068-41<br \/>\nE-mail: <a href=\"mailto:dublaski@iav-online.de\">dublaski@iav-online.de<\/a>[\/vc_column_text][vc_empty_space height=&#8221;104px&#8221;][\/vc_column][\/vc_row][vc_row css=&#8221;.vc_custom_1685977552913{padding-top: 35px !important;padding-right: 35px !important;padding-bottom: 35px !important;padding-left: 35px !important;}&#8221;][vc_column width=&#8221;2\/5&#8243;][vc_hoverbox image=&#8221;24441&#8243; primary_title=&#8221;&#8221; primary_align=&#8221;left&#8221; hover_title=&#8221;&#8221; hover_align=&#8221;left&#8221; shape=&#8221;square&#8221; align=&#8221;left&#8221;][\/vc_hoverbox][\/vc_column][vc_column width=&#8221;3\/5&#8243; css=&#8221;.vc_custom_1689585607135{margin-top: 170px !important;background-color: #ebebeb !important;}&#8221; responsive_css=&#8221;margin_top_large:0px|margin_top_medium:0px|margin_top_small:0px&#8221;][vc_column_text css=&#8221;.vc_custom_1777365464182{padding-top: 35px !important;padding-right: 35px !important;padding-bottom: 35px !important;padding-left: 35px !important;}&#8221;]<\/p>\n<h4>Diana Eberling<\/h4>\n<p>Teamassistenz<br \/>\nPhone: 0541 77068-36<br \/>\nE-mail: <a href=\"mailto:eberling-acil@iav-online.de\">eberling-acil@iav-online.de<\/a>[\/vc_column_text][vc_empty_space height=&#8221;104px&#8221;][\/vc_column][\/vc_row][vc_row css=&#8221;.vc_custom_1685977552913{padding-top: 35px !important;padding-right: 35px !important;padding-bottom: 35px !important;padding-left: 35px !important;}&#8221;][vc_column width=&#8221;2\/5&#8243;][vc_hoverbox image=&#8221;24136&#8243; primary_title=&#8221;&#8221; primary_align=&#8221;left&#8221; hover_title=&#8221;&#8221; hover_align=&#8221;left&#8221; shape=&#8221;square&#8221; align=&#8221;left&#8221;]<\/p>\n<p style=\"text-align: left;\">Als Verbandsjurist ber\u00e4t Martin Farys neben den allgemeinen Arbeitsrechtsfragen unter anderem zu den Themen Arbeitnehmerdatenschutz und Entsendung. Seine Technikaffinit\u00e4t ist im verbandlichen Webinar-Team ebenso gefragt wie im Wissensmanagement. Zus\u00e4tzlich versorgt er die IAV-Newsletter-Redaktion mit juristischem Input.<\/p>\n<p>[\/vc_hoverbox][\/vc_column][vc_column width=&#8221;3\/5&#8243; css=&#8221;.vc_custom_1689588948811{margin-top: 110px !important;background-color: #ebebeb !important;}&#8221; responsive_css=&#8221;margin_top_large:0px|margin_top_medium:0px|margin_top_small:0px&#8221;][vc_column_text css=&#8221;.vc_custom_1737121547544{padding-top: 35px !important;padding-right: 35px !important;padding-bottom: 35px !important;padding-left: 35px !important;}&#8221;]<\/p>\n<h4>Martin Farys<\/h4>\n<p>Verbandsjurist<br \/>\nPhone: 0541 77068-38<br \/>\nE-mail: <a href=\"mailto:farys@iav-online.de\">farys@iav-online.de<\/a><\/p>\n<p>Team Arbeitnehmer-Datenschutz, Team Entsendung, Team Fachkr\u00e4fteeinwanderung[\/vc_column_text][vc_empty_space height=&#8221;58px&#8221;][\/vc_column][\/vc_row][vc_row css=&#8221;.vc_custom_1685977552913{padding-top: 35px !important;padding-right: 35px !important;padding-bottom: 35px !important;padding-left: 35px !important;}&#8221;][vc_column width=&#8221;2\/5&#8243;][vc_hoverbox image=&#8221;8063&#8243; primary_title=&#8221;&#8221; primary_align=&#8221;left&#8221; hover_title=&#8221;&#8221; hover_align=&#8221;left&#8221; shape=&#8221;square&#8221; align=&#8221;left&#8221;]<\/p>\n<p style=\"text-align: left;\">Stefan Georg ist neben der allgemeinen Rechtsberatung der richtige Fachmann, wenn es um das Thema Altersteilzeit geht. Mit einem ausgepr\u00e4gten H\u00e4ndchen f\u00fcr EDV-Themen ist der Jurist auch interner Ansprechpartner in Sachen elektronische Datenverarbeitung, Digitalisierung und Wissensmanagement. Mitgliedsbetriebe sch\u00e4tzen seine Erfahrung in Einigungsstellen und Haustarifverhandlungen.<\/p>\n<p>[\/vc_hoverbox][\/vc_column][vc_column width=&#8221;3\/5&#8243; css=&#8221;.vc_custom_1689588920760{margin-top: 60px !important;background-color: #ebebeb !important;}&#8221; responsive_css=&#8221;margin_top_large:0px|margin_top_medium:0px|margin_top_small:0px&#8221;][vc_column_text css=&#8221;.vc_custom_1691394722021{padding-top: 35px !important;padding-right: 35px !important;padding-bottom: 35px !important;padding-left: 35px !important;}&#8221;]<\/p>\n<h4>Stefan Georg<\/h4>\n<p>Verbandsjurist<br \/>\nPhone: 0541 77068-15<br \/>\nE-mail: <a href=\"mailto:georg@iav-online.de\">georg@iav-online.de<\/a><\/p>\n<p>Team Altersteilzeit[\/vc_column_text][vc_empty_space height=&#8221;60px&#8221;][\/vc_column][\/vc_row][vc_row css=&#8221;.vc_custom_1685977552913{padding-top: 35px !important;padding-right: 35px !important;padding-bottom: 35px !important;padding-left: 35px !important;}&#8221;][vc_column width=&#8221;2\/5&#8243;][vc_hoverbox image=&#8221;22534&#8243; primary_title=&#8221;&#8221; primary_align=&#8221;left&#8221; hover_title=&#8221;&#8221; hover_align=&#8221;left&#8221; shape=&#8221;square&#8221; align=&#8221;left&#8221;]<\/p>\n<p style=\"text-align: left;\">Verena Gerve beh\u00e4lt die Nerven, wenn es im juristischen Sekretariat oder in der \u00d6ffentlichkeitsarbeit mal wieder rund geht. Von Newsletter-Layout \u00fcber Pressegespr\u00e4che bis zu Veranstaltungseinladungen: Termine hat sie fest im Blick und alle To-dos auf der Liste.<\/p>\n<p>[\/vc_hoverbox][\/vc_column][vc_column width=&#8221;3\/5&#8243; css=&#8221;.vc_custom_1689585607135{margin-top: 170px !important;background-color: #ebebeb !important;}&#8221; responsive_css=&#8221;margin_top_large:0px|margin_top_medium:0px|margin_top_small:0px&#8221;][vc_column_text css=&#8221;.vc_custom_1738226570903{padding-top: 35px !important;padding-right: 35px !important;padding-bottom: 35px !important;padding-left: 35px !important;}&#8221;]<\/p>\n<h4>Verena Gerve<\/h4>\n<p>Teamassistenz<br \/>\nPhone: 0541 77068-22<br \/>\nE-mail: <a href=\"mailto:gerve@iav-online.de\">gerve@iav-online.de<\/a>[\/vc_column_text][vc_empty_space height=&#8221;104px&#8221;][\/vc_column][\/vc_row][vc_row css=&#8221;.vc_custom_1770015313061{padding-top: 35px !important;padding-right: 35px !important;padding-bottom: 35px !important;padding-left: 35px !important;}&#8221;][vc_column width=&#8221;2\/5&#8243;][vc_hoverbox image=&#8221;25467&#8243; primary_title=&#8221;&#8221; primary_align=&#8221;left&#8221; hover_title=&#8221;&#8221; hover_align=&#8221;left&#8221; shape=&#8221;square&#8221; align=&#8221;left&#8221;][\/vc_hoverbox][\/vc_column][vc_column width=&#8221;3\/5&#8243; css=&#8221;.vc_custom_1689585607135{margin-top: 170px !important;background-color: #ebebeb !important;}&#8221; responsive_css=&#8221;margin_top_large:0px|margin_top_medium:0px|margin_top_small:0px&#8221;][vc_column_text css=&#8221;.vc_custom_1769781108436{padding-top: 35px !important;padding-right: 35px !important;padding-bottom: 35px !important;padding-left: 35px !important;}&#8221;]<\/p>\n<h4>Janina Grabow<\/h4>\n<p>Teamassistenz<br \/>\nPhone: 0541 77068-12<br \/>\nE-mail: <a href=\"mailto:grabow@iav-online.de\">grabow@iav-online.de<\/a>[\/vc_column_text][vc_empty_space height=&#8221;104px&#8221;][\/vc_column][\/vc_row][vc_row css=&#8221;.vc_custom_1685977552913{padding-top: 35px !important;padding-right: 35px !important;padding-bottom: 35px !important;padding-left: 35px !important;}&#8221;][vc_column width=&#8221;2\/5&#8243;][vc_hoverbox image=&#8221;8025&#8243; primary_title=&#8221;&#8221; primary_align=&#8221;left&#8221; hover_title=&#8221;&#8221; hover_align=&#8221;left&#8221; shape=&#8221;square&#8221; align=&#8221;left&#8221;]<\/p>\n<p style=\"text-align: left;\">Bei der thematischen Konzeption und umfassenden Organisation von Kampagnen und Veranstaltungen ist Bernadette Grabowski nicht zu bremsen: Die Betriebswirtschaftlerin sp\u00fcrt interessante Themen auf, sorgt f\u00fcr die passende Vernetzung und bringt Arbeitgeberstandpunkte erfolgreich in die Presse.<\/p>\n<p>[\/vc_hoverbox][\/vc_column][vc_column width=&#8221;3\/5&#8243; css=&#8221;.vc_custom_1689592798788{margin-top: 160px !important;background-color: #ebebeb !important;}&#8221; responsive_css=&#8221;margin_top_large:0px|margin_top_medium:0px|margin_top_small:0px&#8221;][vc_column_text css=&#8221;.vc_custom_1709821905732{padding-top: 35px !important;padding-right: 35px !important;padding-bottom: 35px !important;padding-left: 35px !important;}&#8221;]<\/p>\n<h4>Bernadette Grabowski<\/h4>\n<p>Kommunikation und Bildung<br \/>\nPhone: 0541 77068-18<br \/>\nE-mail: <a href=\"mailto:grabowski@iav-online.de\">grabowski@iav-online.de<\/a>[\/vc_column_text][vc_empty_space height=&#8221;104px&#8221;][\/vc_column][\/vc_row][vc_row css=&#8221;.vc_custom_1685977552913{padding-top: 35px !important;padding-right: 35px !important;padding-bottom: 35px !important;padding-left: 35px !important;}&#8221;][vc_column width=&#8221;2\/5&#8243;][vc_hoverbox image=&#8221;24117&#8243; primary_title=&#8221;&#8221; primary_align=&#8221;left&#8221; hover_title=&#8221;&#8221; hover_align=&#8221;left&#8221; shape=&#8221;square&#8221; align=&#8221;left&#8221;][\/vc_hoverbox][\/vc_column][vc_column width=&#8221;3\/5&#8243; css=&#8221;.vc_custom_1689585619267{margin-top: 170px !important;background-color: #ebebeb !important;}&#8221; responsive_css=&#8221;margin_top_large:0px|margin_top_medium:0px|margin_top_small:0px&#8221;][vc_column_text css=&#8221;.vc_custom_1763024903888{padding-top: 35px !important;padding-right: 35px !important;padding-bottom: 35px !important;padding-left: 35px !important;}&#8221;]<\/p>\n<h4>Kira Hagemann<\/h4>\n<p>Studentische Aushilfe<br \/>\nPhone: 0541 77068-0<br \/>\nE-mail: <a href=\"mailto:hagemann@iav-online.de\">hagemann@iav-online.de<\/a>[\/vc_column_text][vc_empty_space height=&#8221;104px&#8221;][\/vc_column][\/vc_row][vc_row css=&#8221;.vc_custom_1685977552913{padding-top: 35px !important;padding-right: 35px !important;padding-bottom: 35px !important;padding-left: 35px !important;}&#8221;][vc_column width=&#8221;2\/5&#8243;][vc_hoverbox image=&#8221;20597&#8243; primary_title=&#8221;&#8221; primary_align=&#8221;left&#8221; hover_title=&#8221;&#8221; hover_align=&#8221;left&#8221; shape=&#8221;square&#8221; align=&#8221;left&#8221;][\/vc_hoverbox][\/vc_column][vc_column width=&#8221;3\/5&#8243; css=&#8221;.vc_custom_1689585619267{margin-top: 170px !important;background-color: #ebebeb !important;}&#8221; responsive_css=&#8221;margin_top_large:0px|margin_top_medium:0px|margin_top_small:0px&#8221;][vc_column_text css=&#8221;.vc_custom_1704207564706{padding-top: 35px !important;padding-right: 35px !important;padding-bottom: 35px !important;padding-left: 35px !important;}&#8221;]<\/p>\n<h4>Doris Hinnenkamp<\/h4>\n<p>Buchhaltung<br \/>\nPhone: 0541 77068-11<br \/>\nE-mail: <a href=\"mailto:hinnenkamp@iav-online.de\">hinnenkamp@iav-online.de<\/a>[\/vc_column_text][vc_empty_space height=&#8221;104px&#8221;][\/vc_column][\/vc_row][vc_row css=&#8221;.vc_custom_1685977552913{padding-top: 35px !important;padding-right: 35px !important;padding-bottom: 35px !important;padding-left: 35px !important;}&#8221;][vc_column width=&#8221;2\/5&#8243;][vc_hoverbox image=&#8221;8055&#8243; primary_title=&#8221;&#8221; primary_align=&#8221;left&#8221; hover_title=&#8221;&#8221; hover_align=&#8221;left&#8221; shape=&#8221;square&#8221; align=&#8221;left&#8221;]<\/p>\n<p style=\"text-align: left;\">Von Online-Events bis zum verbandseigenen<br \/>\nE-Learning-Portal und Wissensmanagement ist Romina Horstmeyer Ansprechpartnerin f\u00fcr digitale Themen. In der \u00d6ffentlichkeitsarbeit hat die Wirtschaftswissenschaftlerin die Homepage im Griff und schreibt kreative Texte f\u00fcr Jahresbericht und Newsletter.<\/p>\n<p>[\/vc_hoverbox][\/vc_column][vc_column width=&#8221;3\/5&#8243; css=&#8221;.vc_custom_1689592818303{margin-top: 110px !important;background-color: #ebebeb !important;}&#8221; responsive_css=&#8221;margin_top_large:0px|margin_top_medium:0px|margin_top_small:0px&#8221;][vc_column_text css=&#8221;.vc_custom_1709821921037{padding-top: 35px !important;padding-right: 35px !important;padding-bottom: 35px !important;padding-left: 35px !important;}&#8221;]<\/p>\n<h4>Romina Horstmeyer<\/h4>\n<p>Kommunikation und Bildung<br \/>\nPhone: 0541-77068-39<br \/>\nE-mail: <a href=\"mailto:horstmeyer@iav-online.de\">horstmeyer@iav-online.de<\/a>[\/vc_column_text][vc_empty_space height=&#8221;104px&#8221;][\/vc_column][\/vc_row][vc_row css=&#8221;.vc_custom_1685977552913{padding-top: 35px !important;padding-right: 35px !important;padding-bottom: 35px !important;padding-left: 35px !important;}&#8221;][vc_column width=&#8221;2\/5&#8243;][vc_hoverbox image=&#8221;24133&#8243; primary_title=&#8221;&#8221; primary_align=&#8221;left&#8221; hover_title=&#8221;&#8221; hover_align=&#8221;left&#8221; shape=&#8221;square&#8221; align=&#8221;left&#8221;][\/vc_hoverbox][\/vc_column][vc_column width=&#8221;3\/5&#8243; css=&#8221;.vc_custom_1689592818303{margin-top: 110px !important;background-color: #ebebeb !important;}&#8221; responsive_css=&#8221;margin_top_large:0px|margin_top_medium:0px|margin_top_small:0px&#8221;][vc_column_text css=&#8221;.vc_custom_1742802750059{padding-top: 35px !important;padding-right: 35px !important;padding-bottom: 35px !important;padding-left: 35px !important;}&#8221;]<\/p>\n<h4>Emili Kersten<\/h4>\n<p>Buchhaltung<br \/>\nPhone: 0541-77068-26<br \/>\nE-mail: <a href=\"mailto:kersten@iav-online.de\">kersten@iav-online.de<\/a>[\/vc_column_text][vc_empty_space height=&#8221;104 px&#8221;][\/vc_column][\/vc_row][vc_row css=&#8221;.vc_custom_1685977552913{padding-top: 35px !important;padding-right: 35px !important;padding-bottom: 35px !important;padding-left: 35px !important;}&#8221;][vc_column width=&#8221;2\/5&#8243;][vc_hoverbox image=&#8221;22532&#8243; primary_title=&#8221;&#8221; primary_align=&#8221;left&#8221; hover_title=&#8221;&#8221; hover_align=&#8221;left&#8221; shape=&#8221;square&#8221; align=&#8221;left&#8221;]<\/p>\n<p style=\"text-align: left;\">Allgemeiner Schriftverkehr und Fristen, Terminkoordination und Telefonate \u2013 im juristischen Sekretariat beh\u00e4lt Sandra Lerf stets den \u00dcberblick. Sie bereitet die Personalleitertreffen in Osnabr\u00fcck und im Emsland vor und unterst\u00fctzt beim Rundschreiben-Versand.<\/p>\n<p>[\/vc_hoverbox][\/vc_column][vc_column width=&#8221;3\/5&#8243; css=&#8221;.vc_custom_1689585475956{margin-top: 170px !important;background-color: #ebebeb !important;}&#8221; responsive_css=&#8221;margin_top_large:0px|margin_top_medium:0px|margin_top_small:0px&#8221;][vc_column_text css=&#8221;.vc_custom_1738226585094{padding-top: 35px !important;padding-right: 35px !important;padding-bottom: 35px !important;padding-left: 35px !important;}&#8221;]<\/p>\n<h4>Sandra Lerf<strong><br \/>\n<\/strong><\/h4>\n<p>Teamassistenz<br \/>\nPhone: 0541 77068-24<br \/>\nE-mail: <a href=\"mailto:lerf@iav-online.de\">lerf@iav-online.de<\/a>[\/vc_column_text][vc_empty_space height=&#8221;104px&#8221;][\/vc_column][\/vc_row][vc_row css=&#8221;.vc_custom_1685977552913{padding-top: 35px !important;padding-right: 35px !important;padding-bottom: 35px !important;padding-left: 35px !important;}&#8221;][vc_column width=&#8221;2\/5&#8243;][vc_hoverbox image=&#8221;8023&#8243; primary_title=&#8221;&#8221; primary_align=&#8221;left&#8221; hover_title=&#8221;&#8221; hover_align=&#8221;left&#8221; shape=&#8221;square&#8221; align=&#8221;left&#8221;]<\/p>\n<p style=\"text-align: left;\">Im juristischen Sekretariat gibt es fast nichts, was sie nicht kennt. Angelika Liebeck optimiert die Terminwahrnehmung vor den Gerichten und beh\u00e4lt auch den \u00dcberblick, wenn es um die Benennung von Arbeitgebervertretern bei den Arbeits- und Sozialgerichten oder den Arbeitsagenturen und Jobcentern geht.<\/p>\n<p>[\/vc_hoverbox][\/vc_column][vc_column width=&#8221;3\/5&#8243; css=&#8221;.vc_custom_1689605432188{margin-top: 140px !important;background-color: #ebebeb !important;}&#8221; responsive_css=&#8221;margin_top_large:0px|margin_top_medium:0px|margin_top_small:0px&#8221;][vc_column_text css=&#8221;.vc_custom_1738226590520{padding-top: 35px !important;padding-right: 35px !important;padding-bottom: 35px !important;padding-left: 35px !important;}&#8221;]<\/p>\n<h4>Angelika Liebeck<\/h4>\n<p>Teamassistenz<br \/>\nPhone: 0541 77068-28<br \/>\nE-mail: <a href=\"mailto:liebeck@iav-online.de\">liebeck@iav-online.de<\/a>[\/vc_column_text][vc_empty_space height=&#8221;104px&#8221;][\/vc_column][\/vc_row][vc_row css=&#8221;.vc_custom_1759303500906{padding-top: 35px !important;padding-right: 35px !important;padding-bottom: 35px !important;padding-left: 35px !important;}&#8221;][vc_column width=&#8221;2\/5&#8243;][vc_hoverbox image=&#8221;24446&#8243; primary_title=&#8221;&#8221; primary_align=&#8221;left&#8221; hover_title=&#8221;&#8221; hover_align=&#8221;left&#8221; shape=&#8221;square&#8221; align=&#8221;left&#8221;][\/vc_hoverbox][\/vc_column][vc_column width=&#8221;3\/5&#8243; css=&#8221;.vc_custom_1689605432188{margin-top: 140px !important;background-color: #ebebeb !important;}&#8221; responsive_css=&#8221;margin_top_large:0px|margin_top_medium:0px|margin_top_small:0px&#8221;][vc_column_text css=&#8221;.vc_custom_1761030959682{padding-top: 35px !important;padding-right: 35px !important;padding-bottom: 35px !important;padding-left: 35px !important;}&#8221;]<\/p>\n<h4>Johanna Niemeyer<\/h4>\n<p>Teamassistenz<br \/>\nPhone: 0541 77068-14<br \/>\nE-mail: <a href=\"mailto:niemeyer@iav-online.de\">niemeyer@iav-online.de<\/a>[\/vc_column_text][vc_empty_space height=&#8221;104px&#8221;][\/vc_column][\/vc_row][vc_row disable_element=&#8221;yes&#8221; css=&#8221;.vc_custom_1762182171441{padding-top: 35px !important;padding-right: 35px !important;padding-bottom: 35px !important;padding-left: 35px !important;}&#8221;][vc_column width=&#8221;2\/5&#8243;][vc_hoverbox image=&#8221;24119&#8243; primary_title=&#8221;&#8221; primary_align=&#8221;left&#8221; hover_title=&#8221;&#8221; hover_align=&#8221;left&#8221; shape=&#8221;square&#8221; align=&#8221;left&#8221;][\/vc_hoverbox][\/vc_column][vc_column width=&#8221;3\/5&#8243; css=&#8221;.vc_custom_1689605432188{margin-top: 140px !important;background-color: #ebebeb !important;}&#8221; responsive_css=&#8221;margin_top_large:0px|margin_top_medium:0px|margin_top_small:0px&#8221;][vc_column_text css=&#8221;.vc_custom_1756714485432{padding-top: 35px !important;padding-right: 35px !important;padding-bottom: 35px !important;padding-left: 35px !important;}&#8221;]<\/p>\n<h4>Linda Niss<\/h4>\n<p>Teamassistenz<br \/>\nPhone: 0541 77068-12<br \/>\nE-mail: <a href=\"mailto:niss@iav-online.de\">niss@iav-online.de<\/a>[\/vc_column_text][vc_empty_space height=&#8221;104px&#8221;][\/vc_column][\/vc_row][vc_row css=&#8221;.vc_custom_1685977552913{padding-top: 35px !important;padding-right: 35px !important;padding-bottom: 35px !important;padding-left: 35px !important;}&#8221;][vc_column width=&#8221;2\/5&#8243;][vc_hoverbox image=&#8221;8033&#8243; primary_title=&#8221;&#8221; primary_align=&#8221;left&#8221; hover_title=&#8221;&#8221; hover_align=&#8221;left&#8221; shape=&#8221;square&#8221; align=&#8221;left&#8221;]<\/p>\n<p style=\"text-align: left;\">Elisabeth Plegge hat EDV-Affinit\u00e4t in ihrer DNA. Neben der Arbeit im juristischen Sekretariat ist sie nervenstark f\u00fcr den reibungslosen Einsatz von EDV und E-Akte im Einsatz.<\/p>\n<p>[\/vc_hoverbox][\/vc_column][vc_column width=&#8221;3\/5&#8243; css=&#8221;.vc_custom_1689585490737{margin-top: 170px !important;background-color: #ebebeb !important;}&#8221; responsive_css=&#8221;margin_top_large:0px|margin_top_medium:0px|margin_top_small:0px&#8221;][vc_column_text css=&#8221;.vc_custom_1738226598793{padding-top: 35px !important;padding-right: 35px !important;padding-bottom: 35px !important;padding-left: 35px !important;}&#8221;]<\/p>\n<h4>Elisabeth Plegge<strong><br \/>\n<\/strong><\/h4>\n<p>Teamassistenz<br \/>\nPhone: 0541 77068-34<br \/>\nE-mail: <a href=\"mailto:plegge@iav-online.de\">plegge@iav-online.de<\/a>[\/vc_column_text][vc_empty_space height=&#8221;104px&#8221;][\/vc_column][\/vc_row][vc_row css=&#8221;.vc_custom_1754051617294{padding-top: 35px !important;padding-right: 35px !important;padding-bottom: 35px !important;padding-left: 35px !important;}&#8221;][vc_column width=&#8221;2\/5&#8243;][vc_hoverbox image=&#8221;24121&#8243; primary_title=&#8221;&#8221; primary_align=&#8221;left&#8221; hover_title=&#8221;&#8221; hover_align=&#8221;left&#8221; shape=&#8221;square&#8221; align=&#8221;left&#8221;][\/vc_hoverbox][\/vc_column][vc_column width=&#8221;3\/5&#8243; css=&#8221;.vc_custom_1689585490737{margin-top: 170px !important;background-color: #ebebeb !important;}&#8221; responsive_css=&#8221;margin_top_large:0px|margin_top_medium:0px|margin_top_small:0px&#8221;][vc_column_text css=&#8221;.vc_custom_1753947012817{padding-top: 35px !important;padding-right: 35px !important;padding-bottom: 35px !important;padding-left: 35px !important;}&#8221;]<\/p>\n<h4>Kathrin Rauleff<strong><br \/>\n<\/strong><\/h4>\n<p>Teamassistenz<br \/>\nPhone: 0541 77068-41<br \/>\nE-mail: <a href=\"mailto:rauleff@iav-online.de\">rauleff@iav-online.de<\/a>[\/vc_column_text][vc_empty_space height=&#8221;104px&#8221;][\/vc_column][\/vc_row][vc_row css=&#8221;.vc_custom_1685977552913{padding-top: 35px !important;padding-right: 35px !important;padding-bottom: 35px !important;padding-left: 35px !important;}&#8221;][vc_column width=&#8221;2\/5&#8243;][vc_hoverbox image=&#8221;8644&#8243; primary_title=&#8221;&#8221; primary_align=&#8221;left&#8221; hover_title=&#8221;&#8221; hover_align=&#8221;left&#8221; shape=&#8221;square&#8221; align=&#8221;left&#8221;]<\/p>\n<p style=\"text-align: left;\">Auch wenn es turbulent wird, beh\u00e4lt er den \u00dcberblick und bewahrt die notwendige Ruhe \u2013 Erik Sch\u00e4fer hat neben der allgemeinen Rechtsberatung die aktuellen Regelungen zu Arbeitsvertragsrecht, Ausbildungsrecht und Auslands-Entsendung von Arbeitnehmern auf dem Radar. Der Jurist vertritt die Arbeitgeberinteressen auch in Haustarifverhandlungen und Einigungsstellen.<\/p>\n<p>[\/vc_hoverbox][\/vc_column][vc_column width=&#8221;3\/5&#8243; css=&#8221;.vc_custom_1689588885983{margin-top: 85px !important;background-color: #ebebeb !important;}&#8221; responsive_css=&#8221;margin_top_large:0px|margin_top_medium:0px|margin_top_small:0px&#8221;][vc_column_text css=&#8221;.vc_custom_1737121620851{padding-top: 35px !important;padding-right: 35px !important;padding-bottom: 35px !important;padding-left: 35px !important;}&#8221;]<\/p>\n<h4>Erik Sch\u00e4fer<\/h4>\n<p>Verbandsjurist<br \/>\nPhone: 0541 77068-13<br \/>\nE-mail: <a href=\"mailto:schaefer@iav-online.de\">schaefer@iav-online.de<\/a><\/p>\n<p>Team Aus- und Weiterbildungsrecht, Team Entsendung, Team Fachkr\u00e4fteeinwanderung[\/vc_column_text][vc_empty_space height=&#8221;60px&#8221;][\/vc_column][\/vc_row][vc_row css=&#8221;.vc_custom_1685977552913{padding-top: 35px !important;padding-right: 35px !important;padding-bottom: 35px !important;padding-left: 35px !important;}&#8221;][vc_column width=&#8221;2\/5&#8243;][vc_hoverbox image=&#8221;22530&#8243; primary_title=&#8221;&#8221; primary_align=&#8221;left&#8221; hover_title=&#8221;&#8221; hover_align=&#8221;left&#8221; shape=&#8221;square&#8221; align=&#8221;left&#8221;]<\/p>\n<p style=\"text-align: left;\">Rabea Stelmaszewski ist fit im allgemeinen Arbeitsrecht und wei\u00df insbesondere, was in Sachen Aus- und Weiterbildungsrecht zu beachten ist. Sie gibt neue Infos zur Rechtsprechung und Gesetzgebung in Rundschreiben an die Mitglieder weiter. Intern ist sie als Mitglied des Webinar-Teams gefragt, wenn es um die Planung juristischer Online-Veranstaltungen geht.<\/p>\n<p>[\/vc_hoverbox][\/vc_column][vc_column width=&#8221;3\/5&#8243; css=&#8221;.vc_custom_1689605348540{margin-top: 130px !important;background-color: #ebebeb !important;}&#8221; responsive_css=&#8221;margin_top_large:0px|margin_top_medium:0px|margin_top_small:0px&#8221;][vc_column_text css=&#8221;.vc_custom_1691394866734{padding-top: 35px !important;padding-right: 35px !important;padding-bottom: 35px !important;padding-left: 35px !important;}&#8221;]<\/p>\n<h4>Rabea Stelmaszewski<\/h4>\n<p>Verbandsjuristin<br \/>\nPhone: 0541 77068-35<br \/>\nE-mail: <a href=\"mailto:stelmaszewski@iav-online.de\">stelmaszewski@iav-online.de<\/a><\/p>\n<p>Team Aus- und Weiterbildungsrecht[\/vc_column_text][vc_empty_space height=&#8221;60px&#8221;][\/vc_column][\/vc_row][vc_row css=&#8221;.vc_custom_1685977552913{padding-top: 35px !important;padding-right: 35px !important;padding-bottom: 35px !important;padding-left: 35px !important;}&#8221;][vc_column width=&#8221;2\/5&#8243;][vc_hoverbox image=&#8221;8031&#8243; primary_title=&#8221;&#8221; primary_align=&#8221;left&#8221; hover_title=&#8221;&#8221; hover_align=&#8221;left&#8221; shape=&#8221;square&#8221; align=&#8221;left&#8221;]<\/p>\n<p style=\"text-align: left;\">Wer Fragen zur Betrieblichen Altersvorsorge oder Betriebsrente hat, ist bei Eike Trakies an der richtigen Adresse. Au\u00dferdem kennt sich der Jurist neben den allgemeinen arbeitsrechtlichen Themen besonders gut in Sachen Lohn- und Gehaltspf\u00e4ndung sowie Aus- und Weiterbildungsrecht aus.<\/p>\n<p>[\/vc_hoverbox][\/vc_column][vc_column width=&#8221;3\/5&#8243; css=&#8221;.vc_custom_1689588998142{margin-top: 160px !important;background-color: #ebebeb !important;}&#8221; responsive_css=&#8221;margin_top_large:0px|margin_top_medium:0px|margin_top_small:0px&#8221;][vc_column_text css=&#8221;.vc_custom_1737121642192{padding-top: 35px !important;padding-right: 35px !important;padding-bottom: 35px !important;padding-left: 35px !important;}&#8221;]<\/p>\n<h4>Eike Trakies<\/h4>\n<p>Verbandsjurist<br \/>\nPhone: 0541 77068-42<br \/>\nE-mail: <a href=\"mailto:trakies@iav-online.de\">trakies@iav-online.de<\/a><\/p>\n<p>Team Aus- und Weiterbildungsrecht, Team Betriebliche Altersversorgung, Team Lohn- und Gehaltspf\u00e4ndung, Team Fachkr\u00e4fteeinwanderung[\/vc_column_text][vc_empty_space][\/vc_column][\/vc_row][vc_row css=&#8221;.vc_custom_1685977552913{padding-top: 35px !important;padding-right: 35px !important;padding-bottom: 35px !important;padding-left: 35px !important;}&#8221;][vc_column width=&#8221;2\/5&#8243;][vc_hoverbox image=&#8221;24042&#8243; primary_title=&#8221;&#8221; primary_align=&#8221;left&#8221; hover_title=&#8221;&#8221; hover_align=&#8221;left&#8221; shape=&#8221;square&#8221; align=&#8221;left&#8221;][\/vc_hoverbox][\/vc_column][vc_column width=&#8221;3\/5&#8243; css=&#8221;.vc_custom_1689605348540{margin-top: 130px !important;background-color: #ebebeb !important;}&#8221; responsive_css=&#8221;margin_top_large:0px|margin_top_medium:0px|margin_top_small:0px&#8221;][vc_column_text css=&#8221;.vc_custom_1771924680039{padding-top: 35px !important;padding-right: 35px !important;padding-bottom: 35px !important;padding-left: 35px !important;}&#8221;]<\/p>\n<h4>Kaja Weyhmann<\/h4>\n<p>Verbandsjuristin<br \/>\nPhone: 0541 77068-21<br \/>\nE-mail: <a href=\"mailto:weyhmann@iav-online.de\">weyhmann@iav-online.de<\/a><\/p>\n<p>Team Altersteilzeit, Team Arbeitsvertragsrecht, Team Betriebliche Altersversorgung[\/vc_column_text][vc_empty_space height=&#8221;60px&#8221;][\/vc_column][\/vc_row][vc_row css=&#8221;.vc_custom_1685977552913{padding-top: 35px !important;padding-right: 35px !important;padding-bottom: 35px !important;padding-left: 35px !important;}&#8221;][vc_column width=&#8221;2\/5&#8243;][vc_hoverbox image=&#8221;8041&#8243; primary_title=&#8221;&#8221; primary_align=&#8221;left&#8221; hover_title=&#8221;&#8221; hover_align=&#8221;left&#8221; shape=&#8221;square&#8221; align=&#8221;left&#8221;]<\/p>\n<p style=\"text-align: left;\">Beim Thema Betriebliche Altersversorgung und Betriebsrenten wei\u00df Jana Wilbert, wo es langgeht \u2013 genauso fit ist sie im allgemeinen Arbeitsrecht. Ihre Expertise im Arbeitnehmerdatenschutzrecht bringt die Juristin auch im verbandsinternen Datenschutzteam ein.<\/p>\n<p>[\/vc_hoverbox][\/vc_column][vc_column width=&#8221;3\/5&#8243; css=&#8221;.vc_custom_1689605379984{margin-top: 175px !important;background-color: #ebebeb !important;}&#8221; responsive_css=&#8221;margin_top_large:0px|margin_top_medium:0px|margin_top_small:0px&#8221;][vc_column_text css=&#8221;.vc_custom_1771924718958{padding-top: 35px !important;padding-right: 35px !important;padding-bottom: 35px !important;padding-left: 35px !important;}&#8221;]<\/p>\n<h4>Jana Wilbert<\/h4>\n<p>Verbandsjuristin<br \/>\nPhone: 0541 77068-43<br \/>\nE-mail: <a href=\"mailto:wilbert@iav-online.de\">wilbert@iav-online.de<\/a><\/p>\n<p>Team Betriebliche Altersversorgung, Team Arbeitnehmerdatenschutz[\/vc_column_text][vc_empty_space height=&#8221;60px&#8221;][\/vc_column][\/vc_row]<\/p>\n<\/div>","protected":false},"excerpt":{"rendered":"<p>[vc_row][vc_column][vc_empty_space height=&#8221;100px&#8221;][vc_column_text] Management [\/vc_column_text][\/vc_column][\/vc_row][vc_row css=&#8221;.vc_custom_1685977552913{padding-top: 35px !important;padding-right: 35px !important;padding-bottom: 35px !important;padding-left: 35px !important;}&#8221;][vc_column width=&#8221;2\/5&#8243;][vc_hoverbox image=&#8221;22536&#8243;&#8230;<\/p>\n","protected":false},"author":4,"featured_media":0,"parent":0,"menu_order":0,"comment_status":"closed","ping_status":"closed","template":"","meta":{"footnotes":""},"class_list":["post-19045","page","type-page","status-publish","hentry"],"_links":{"self":[{"href":"https:\/\/iav-online.de\/en\/wp-json\/wp\/v2\/pages\/19045","targetHints":{"allow":["GET"]}}],"collection":[{"href":"https:\/\/iav-online.de\/en\/wp-json\/wp\/v2\/pages"}],"about":[{"href":"https:\/\/iav-online.de\/en\/wp-json\/wp\/v2\/types\/page"}],"author":[{"embeddable":true,"href":"https:\/\/iav-online.de\/en\/wp-json\/wp\/v2\/users\/4"}],"replies":[{"embeddable":true,"href":"https:\/\/iav-online.de\/en\/wp-json\/wp\/v2\/comments?post=19045"}],"version-history":[{"count":21,"href":"https:\/\/iav-online.de\/en\/wp-json\/wp\/v2\/pages\/19045\/revisions"}],"predecessor-version":[{"id":25790,"href":"https:\/\/iav-online.de\/en\/wp-json\/wp\/v2\/pages\/19045\/revisions\/25790"}],"wp:attachment":[{"href":"https:\/\/iav-online.de\/en\/wp-json\/wp\/v2\/media?parent=19045"}],"curies":[{"name":"wp","href":"https:\/\/api.w.org\/{rel}","templated":true}]}}